{"id":4147,"date":"2024-04-22T12:01:24","date_gmt":"2024-04-22T10:01:24","guid":{"rendered":"https:\/\/aalbersfarina.nl\/blechlager\/blechlager-pm-compact\/"},"modified":"2025-07-09T13:56:57","modified_gmt":"2025-07-09T11:56:57","slug":"blechlager-pm-compact","status":"publish","type":"page","link":"https:\/\/aalbersfarina.nl\/de\/blechlager\/blechlager-pm-compact\/","title":{"rendered":"Blechlager PM Compact"},"content":{"rendered":"<p>[et_pb_section fb_built=&#8220;1&#8243; _builder_version=&#8220;4.25.1&#8243; _module_preset=&#8220;default&#8220; background_video_mp4=&#8220;https:\/\/aalbersfarina.nl\/wp-content\/uploads\/2024\/04\/aalbers_farina_20sec.mp4&#8243; min_height=&#8220;600px&#8220; min_height_tablet=&#8220;500px&#8220; min_height_phone=&#8220;300px&#8220; min_height_last_edited=&#8220;on|desktop&#8220; custom_padding=&#8220;0px|0px|0px|0px|false|false&#8220; custom_css_before=&#8220;content:%22%22;||display: block;||position: absolute;||top: 0;||left: 0;||width: 100%;||height: 100%;||mix-blend-mode: multiply;||background-image: linear-gradient(65deg, rgba(255,88,0,1) 0%, rgba(255,88,0,1) 45%, rgba(255,255,255,0) 60%, rgba(255,255,255,0) 100%);||z-index: 1;&#8220; locked=&#8220;off&#8220; global_colors_info=&#8220;{}&#8220;][et_pb_row custom_padding_last_edited=&#8220;on|desktop&#8220; _builder_version=&#8220;4.25.0&#8243; _module_preset=&#8220;default&#8220; custom_padding=&#8220;150px||||false|false&#8220; custom_padding_tablet=&#8220;100px||||false|false&#8220; custom_padding_phone=&#8220;||||false|false&#8220; global_colors_info=&#8220;{}&#8220;][et_pb_column type=&#8220;4_4&#8243; _builder_version=&#8220;4.24.3&#8243; _module_preset=&#8220;default&#8220; global_colors_info=&#8220;{}&#8220;][et_pb_text _builder_version=&#8220;4.27.4&#8243; _module_preset=&#8220;default&#8220; text_font_size=&#8220;14px&#8220; link_text_color=&#8220;#FFFFFF&#8220; header_2_font_size=&#8220;32px&#8220; background_layout=&#8220;dark&#8220; custom_margin=&#8220;0px||0px||false|false&#8220; header_2_font_size_tablet=&#8220;32px&#8220; header_2_font_size_phone=&#8220;28px&#8220; header_2_font_size_last_edited=&#8220;on|phone&#8220; saved_tabs=&#8220;all&#8220; global_colors_info=&#8220;{}&#8220;]<\/p>\n<p style=\"text-align: left;\"><span><span><a href=\"https:\/\/aalbersfarina.nl\/de\/home\/\">Home<\/a><\/span><\/span><\/p>\n<p>[\/et_pb_text][et_pb_text _builder_version=&#8220;4.25.1&#8243; _module_preset=&#8220;default&#8220; text_font=&#8220;|700|||||||&#8220; text_text_color=&#8220;#FFFFFF&#8220; text_font_size=&#8220;56px&#8220; text_line_height=&#8220;1em&#8220; header_text_color=&#8220;#FFFFFF&#8220; header_font_size=&#8220;56px&#8220; header_font_size_tablet=&#8220;56px&#8220; header_font_size_phone=&#8220;36px&#8220; header_font_size_last_edited=&#8220;on|phone&#8220; text_text_shadow_style=&#8220;preset2&#8243; global_colors_info=&#8220;{}&#8220;]<\/p>\n<h1>blechlager <br \/>PM Compact<\/h1>\n<p>[\/et_pb_text][\/et_pb_column][\/et_pb_row][\/et_pb_section][et_pb_section fb_built=&#8220;1&#8243; _builder_version=&#8220;4.25.1&#8243; _module_preset=&#8220;default&#8220; background_color=&#8220;#E8EAEC&#8220; locked=&#8220;off&#8220; global_colors_info=&#8220;{}&#8220;][et_pb_row column_structure=&#8220;1_2,1_2&#8243; use_custom_gutter=&#8220;on&#8220; gutter_width=&#8220;2&#8243; make_equal=&#8220;on&#8220; _builder_version=&#8220;4.25.2&#8243; _module_preset=&#8220;default&#8220; custom_margin=&#8220;-250px||||false|false&#8220; custom_margin_tablet=&#8220;-250px||||false|false&#8220; custom_margin_phone=&#8220;-150px||||false|false&#8220; custom_margin_last_edited=&#8220;on|phone&#8220; global_colors_info=&#8220;{}&#8220;][et_pb_column type=&#8220;1_2&#8243; _builder_version=&#8220;4.25.0&#8243; _module_preset=&#8220;default&#8220; background_color=&#8220;#FFFFFF&#8220; custom_padding=&#8220;30px|30px|30px|30px|false|false&#8220; custom_padding_tablet=&#8220;30px|30px|30px|30px|false|false&#8220; custom_padding_phone=&#8220;20px|20px|20px|20px|false|false&#8220; custom_padding_last_edited=&#8220;on|desktop&#8220; custom_css_main_element=&#8220;display:flex;||flex-direction:column;&#8220; border_radii=&#8220;on|20px|20px|20px|20px&#8220; box_shadow_style=&#8220;preset3&#8243; box_shadow_color=&#8220;rgba(0,0,0,0.2)&#8220; global_colors_info=&#8220;{}&#8220;][et_pb_text _builder_version=&#8220;4.27.3&#8243; _module_preset=&#8220;default&#8220; header_2_font_size=&#8220;34px&#8220; header_3_text_color=&#8220;#FF5800&#8243; header_3_font_size=&#8220;20px&#8220; custom_margin=&#8220;||15px||false|false&#8220; header_2_font_size_tablet=&#8220;34px&#8220; header_2_font_size_phone=&#8220;26px&#8220; header_2_font_size_last_edited=&#8220;on|phone&#8220; global_colors_info=&#8220;{}&#8220;]<\/p>\n<h2>PM Compact<\/h2>\n<h3>ideal f\u00fcr kleinere R\u00e4ume<\/h3>\n<p style=\"font-weight: 400;\">Wie der Name schon vermuten l\u00e4sst, handelt es sich hierbei um die kompakteste (und kosteng\u00fcnstigste) Version unseres automatischen Blechlagers. Dank der Plug-and-Play-Installation und der einfachen Steuerung k\u00f6nnen Sie schnell loslegen. Mit einer H\u00f6he von weniger als 4 Metern ist dieses Modell besonders f\u00fcr den Einsatz in niedrigeren Produktionsumgebungen geeignet.   Auch mit anderer H\u00f6he, mehr Schubladen und f\u00fcr andere Blechformate erh\u00e4ltlich.<\/p>\n<p>[\/et_pb_text][et_pb_text _builder_version=&#8220;4.25.0&#8243; _module_preset=&#8220;default&#8220; ul_font=&#8220;|600|||||||&#8220; ul_text_color=&#8220;#002664&#8243; header_2_font_size=&#8220;42px&#8220; header_3_text_color=&#8220;#FF5800&#8243; custom_margin=&#8220;||15px||false|false&#8220; global_colors_info=&#8220;{}&#8220;]<\/p>\n<ul>\n<li>Systemh\u00f6he 3.750 mm<\/li>\n<li>25 Schubladen<\/li>\n<li>2.500 kg Traglast pro Schublade<\/li>\n<li>f\u00fcr Blechmaterial bis zu 3.000 x 1.500 mm<\/li>\n<\/ul>\n<p>[\/et_pb_text][et_pb_button button_url=&#8220;@ET-DC@eyJkeW5hbWljIjp0cnVlLCJjb250ZW50IjoicG9zdF9saW5rX3VybF9wYWdlIiwic2V0dGluZ3MiOnsicG9zdF9pZCI6IjU5OSIsImVuYWJsZV9odG1sIjoib2ZmIn19@&#8220; button_text=&#8220;Konfigurieren Sie Ihre Maschine&#8220; button_alignment=&#8220;left&#8220; _builder_version=&#8220;4.25.1&#8243; _dynamic_attributes=&#8220;button_url&#8220; _module_preset=&#8220;default&#8220; custom_button=&#8220;on&#8220; button_font=&#8220;|600|||||||&#8220; custom_margin=&#8220;auto||||false|false&#8220; global_colors_info=&#8220;{}&#8220;][\/et_pb_button][\/et_pb_column][et_pb_column type=&#8220;1_2&#8243; _builder_version=&#8220;4.25.0&#8243; _module_preset=&#8220;default&#8220; background_color=&#8220;#FFFFFF&#8220; custom_padding=&#8220;30px|30px|30px|30px|false|false&#8220; custom_padding_tablet=&#8220;30px|30px|30px|30px|false|false&#8220; custom_padding_phone=&#8220;20px|20px|20px|20px|false|false&#8220; custom_padding_last_edited=&#8220;on|desktop&#8220; custom_css_main_element=&#8220;display:flex;||flex-direction:column;&#8220; border_radii=&#8220;on|20px|20px|20px|20px&#8220; box_shadow_style=&#8220;preset3&#8243; box_shadow_color=&#8220;rgba(0,0,0,0.2)&#8220; global_colors_info=&#8220;{}&#8220;][et_pb_gallery gallery_ids=&#8220;243,244,242,241&#8243; fullwidth=&#8220;on&#8220; _builder_version=&#8220;4.25.1&#8243; _module_preset=&#8220;default&#8220; global_colors_info=&#8220;{}&#8220;][\/et_pb_gallery][\/et_pb_column][\/et_pb_row][\/et_pb_section][et_pb_section fb_built=&#8220;1&#8243; _builder_version=&#8220;4.27.3&#8243; _module_preset=&#8220;default&#8220; custom_margin=&#8220;||||false|false&#8220; custom_padding=&#8220;||||false|false&#8220; global_colors_info=&#8220;{}&#8220;][et_pb_row _builder_version=&#8220;4.27.3&#8243; _module_preset=&#8220;default&#8220; custom_padding=&#8220;||0px||false|false&#8220; global_colors_info=&#8220;{}&#8220;][et_pb_column type=&#8220;4_4&#8243; _builder_version=&#8220;4.27.3&#8243; _module_preset=&#8220;default&#8220; global_colors_info=&#8220;{}&#8220;][et_pb_text _builder_version=&#8220;4.25.1&#8243; _module_preset=&#8220;default&#8220; header_2_font_size=&#8220;32px&#8220; global_colors_info=&#8220;{}&#8220;]<\/p>\n<h2>Referenzen<\/h2>\n<p>[\/et_pb_text][\/et_pb_column][\/et_pb_row][et_pb_row _builder_version=&#8220;4.27.3&#8243; _module_preset=&#8220;default&#8220; custom_padding=&#8220;0px||||false|false&#8220; global_colors_info=&#8220;{}&#8220;][et_pb_column type=&#8220;4_4&#8243; _builder_version=&#8220;4.25.1&#8243; _module_preset=&#8220;default&#8220; global_colors_info=&#8220;{}&#8220;][brbl_post_carousel include_categories=&#8220;58&#8243; layout=&#8220;layout2&#8243; show_author=&#8220;off&#8220; show_date=&#8220;off&#8220; show_btn=&#8220;on&#8220; button_text=&#8220;Mehr lesen&#8220; autoplay_speed=&#8220;3000ms&#8220; slide_count=&#8220;3&#8243; nav_color=&#8220;#FFFFFF&#8220; nav_bg=&#8220;#002664&#8243; content_padding=&#8220;10px|30px|30px|30px|false|false&#8220; excerpt_spacing_top=&#8220;0px&#8220; slide_count_tablet=&#8220;2&#8243; slide_count_phone=&#8220;1&#8243; slide_count_last_edited=&#8220;on|phone&#8220; content_padding_tablet=&#8220;5px|20px||20px|false|false&#8220; content_padding_phone=&#8220;|15px|20px|15px|false|false&#8220; content_padding_last_edited=&#8220;on|phone&#8220; _builder_version=&#8220;4.27.3&#8243; _module_preset=&#8220;default&#8220; title_level=&#8220;h3&#8243; border_radii_image=&#8220;on|10px|10px|10px|10px&#8220; border_radii_content=&#8220;on|10px|10px|10px|10px&#8220; border_color_all_content=&#8220;#BEC1C2&#8243; global_colors_info=&#8220;{}&#8220;][\/brbl_post_carousel][\/et_pb_column][\/et_pb_row][\/et_pb_section][et_pb_section fb_built=&#8220;1&#8243; disabled_on=&#8220;off|off|off&#8220; _builder_version=&#8220;4.27.3&#8243; _module_preset=&#8220;default&#8220; custom_margin=&#8220;0px||||false|false&#8220; custom_padding=&#8220;0px||50px||false|false&#8220; global_colors_info=&#8220;{}&#8220;][et_pb_row column_structure=&#8220;3_5,2_5&#8243; _builder_version=&#8220;4.24.3&#8243; _module_preset=&#8220;default&#8220; global_colors_info=&#8220;{}&#8220;][et_pb_column type=&#8220;3_5&#8243; _builder_version=&#8220;4.24.3&#8243; _module_preset=&#8220;default&#8220; global_colors_info=&#8220;{}&#8220;][et_pb_text _builder_version=&#8220;4.27.4&#8243; _module_preset=&#8220;default&#8220; header_2_font_size=&#8220;32px&#8220; header_2_font_size_tablet=&#8220;32px&#8220; header_2_font_size_phone=&#8220;28px&#8220; header_2_font_size_last_edited=&#8220;on|phone&#8220; global_colors_info=&#8220;{}&#8220;]<\/p>\n<h2>PM Compact: das ultimative Blechlager mit maximaler Effizienz auf kleinem Raum<\/h2>\n<div>\n<p>Das PM Compact von aalbers|farina ist ein benutzerfreundliches und kompaktes Einsteigermodell, das sich besonders f\u00fcr Produktionsumgebungen mit begrenztem Platzangebot eignet. Dank der einfachen 2-Tasten-Bedienung und der intuitiven Benutzerf\u00fchrung ist das System leicht zug\u00e4nglich und benutzerfreundlich. <\/p>\n<p>Da dieses <a href=\"https:\/\/aalbersfarina.nl\/de\/blechlager\/\">Blechlager<\/a> keine Umz\u00e4unung ben\u00f6tigt, bleibt es kompakt und passt problemlos in jede Produktionsumgebung. Damit bietet das PM Compact nicht nur eine effiziente Lagerl\u00f6sung, sondern auch Flexibilit\u00e4t bei der Platzierung, ohne Kompromisse bei der Funktionalit\u00e4t oder Sicherheit einzugehen. Damit ist das System eine attraktive Option f\u00fcr Unternehmen, die eine effiziente Lagerung von Blechmaterial mit Benutzerfreundlichkeit verbinden wollen.  <\/p>\n<\/div>\n<div> <\/div>\n<p>[\/et_pb_text][et_pb_text _builder_version=&#8220;4.27.3&#8243; _module_preset=&#8220;default&#8220; header_2_font_size=&#8220;32px&#8220; header_2_font_size_tablet=&#8220;32px&#8220; header_2_font_size_phone=&#8220;28px&#8220; header_2_font_size_last_edited=&#8220;on|phone&#8220; global_colors_info=&#8220;{}&#8220;]<\/p>\n<h2>Verschiedene Blechformate und Lagerungsm\u00f6glichkeiten<\/h2>\n<div>\n<p style=\"font-weight: 400;\">Mit <strong>25 Schubladen<\/strong> bietet das PM Compact eine gro\u00dfe Lagerkapazit\u00e4t f\u00fcr Blechformate bis <strong>3.000 x 1.500 mm<\/strong>. Durch die Traglast von <strong>2.500 kg<\/strong> pro Schublade kann auch schweres Material sicher und effizient gelagert werden. Dank der fortschrittlichen Lagerverwaltung lassen sich auch Restst\u00fccke einfach lagern und verwalten, was Materialverschwendung minimiert und die Effizienz erh\u00f6ht. Dies tr\u00e4gt nicht nur zu einem nachhaltigeren Produktionsprozess bei, sondern gew\u00e4hrleistet auch einen optimalen \u00dcberblick \u00fcber die Materialverf\u00fcgbarkeit.   <\/p>\n<\/div>\n<p>[\/et_pb_text][\/et_pb_column][et_pb_column type=&#8220;2_5&#8243; _builder_version=&#8220;4.24.3&#8243; _module_preset=&#8220;default&#8220; global_colors_info=&#8220;{}&#8220;][et_pb_image src=&#8220;https:\/\/aalbersfarina.nl\/wp-content\/uploads\/2024\/06\/Van-den-hout-1.jpg&#8220; alt=&#8220;Referenzen Van Den Hout &#8211; aalbers|farina&#8220; title_text=&#8220;Van-den-hout-1&#8243; _builder_version=&#8220;4.27.3&#8243; _module_preset=&#8220;default&#8220; border_radii=&#8220;on|20px|20px|20px|20px&#8220; global_colors_info=&#8220;{}&#8220;][\/et_pb_image][et_pb_button button_url=&#8220;@ET-DC@eyJkeW5hbWljIjp0cnVlLCJjb250ZW50IjoicG9zdF9saW5rX3VybF9wYWdlIiwic2V0dGluZ3MiOnsicG9zdF9pZCI6IjIwNDciLCJlbmFibGVfaHRtbCI6Im9mZiJ9fQ==@&#8220; button_text=&#8220;Brosch\u00fcre anfordern&#8220; button_alignment=&#8220;left&#8220; _builder_version=&#8220;4.27.3&#8243; _dynamic_attributes=&#8220;button_url&#8220; _module_preset=&#8220;default&#8220; custom_button=&#8220;on&#8220; button_font=&#8220;|600|||||||&#8220; custom_margin=&#8220;auto||||false|false&#8220; global_colors_info=&#8220;{}&#8220;][\/et_pb_button][\/et_pb_column][\/et_pb_row][\/et_pb_section][et_pb_section fb_built=&#8220;1&#8243; _builder_version=&#8220;4.25.1&#8243; _module_preset=&#8220;default&#8220; background_color=&#8220;#FF5800&#8243; global_colors_info=&#8220;{}&#8220;][et_pb_row column_structure=&#8220;2_5,3_5&#8243; _builder_version=&#8220;4.24.3&#8243; _module_preset=&#8220;default&#8220; global_colors_info=&#8220;{}&#8220;][et_pb_column type=&#8220;2_5&#8243; _builder_version=&#8220;4.24.3&#8243; _module_preset=&#8220;default&#8220; global_colors_info=&#8220;{}&#8220;][et_pb_image src=&#8220;https:\/\/aalbersfarina.nl\/wp-content\/uploads\/2025\/07\/gert-bottenberg-2025.jpg&#8220; alt=&#8220;Gert Bottenberg&#8220; title_text=&#8220;gert-bottenberg-2025&#8243; align=&#8220;center&#8220; _builder_version=&#8220;4.27.4&#8243; _module_preset=&#8220;default&#8220; max_width=&#8220;300px&#8220; hover_enabled=&#8220;0&#8243; border_radii=&#8220;on|100%|100%|100%|100%&#8220; global_colors_info=&#8220;{}&#8220; sticky_enabled=&#8220;0&#8243; locked=&#8220;off&#8220;][\/et_pb_image][\/et_pb_column][et_pb_column type=&#8220;3_5&#8243; _builder_version=&#8220;4.24.3&#8243; _module_preset=&#8220;default&#8220; global_colors_info=&#8220;{}&#8220;][et_pb_text _builder_version=&#8220;4.25.1&#8243; _module_preset=&#8220;default&#8220; header_2_text_color=&#8220;#002664&#8243; header_2_font_size=&#8220;32px&#8220; text_orientation=&#8220;right&#8220; background_layout=&#8220;dark&#8220; header_2_text_color_tablet=&#8220;#002664&#8243; header_2_text_color_phone=&#8220;#002664&#8243; header_2_text_color_last_edited=&#8220;on|phone&#8220; text_orientation_tablet=&#8220;right&#8220; text_orientation_phone=&#8220;center&#8220; text_orientation_last_edited=&#8220;on|phone&#8220; global_colors_info=&#8220;{}&#8220;]<\/p>\n<h2>W\u00fcnschen Sie direkten Kontakt zu einem Experten?<\/h2>\n<h3>Eine Live-Vorf\u00fchrung unserer Maschinen? Oder ein ma\u00dfgeschneidertes Angebot? <\/h3>\n<h3>Dann wenden Sie sich jederzeit an unsere Experten!<\/h3>\n<p>[\/et_pb_text][et_pb_text _builder_version=&#8220;4.25.1&#8243; _module_preset=&#8220;default&#8220; header_2_font_size=&#8220;42px&#8220; text_orientation=&#8220;right&#8220; background_layout=&#8220;dark&#8220; header_2_font_size_tablet=&#8220;42px&#8220; header_2_font_size_phone=&#8220;32px&#8220; header_2_font_size_last_edited=&#8220;on|phone&#8220; text_orientation_tablet=&#8220;right&#8220; text_orientation_phone=&#8220;center&#8220; text_orientation_last_edited=&#8220;on|phone&#8220; global_colors_info=&#8220;{}&#8220;]<\/p>\n<h2>Rufen Sie uns an unter der Telefonnummer: <a href=\"tel:+31318578528\">+31 (0) 318 &#8211; 57 85 28<\/a><\/h2>\n<p>[\/et_pb_text][et_pb_button button_url=&#8220;@ET-DC@eyJkeW5hbWljIjp0cnVlLCJjb250ZW50IjoicG9zdF9saW5rX3VybF9wYWdlIiwic2V0dGluZ3MiOnsicG9zdF9pZCI6IjEyMjIiLCJlbmFibGVfaHRtbCI6Im9mZiJ9fQ==@&#8220; button_text=&#8220;Direkte Beratung durch unseren Experten!&#8220; button_alignment=&#8220;right&#8220; button_alignment_tablet=&#8220;right&#8220; button_alignment_phone=&#8220;center&#8220; button_alignment_last_edited=&#8220;on|phone&#8220; _builder_version=&#8220;4.27.3&#8243; _dynamic_attributes=&#8220;button_url&#8220; _module_preset=&#8220;default&#8220; custom_button=&#8220;on&#8220; button_text_color=&#8220;#FFFFFF&#8220; button_bg_color=&#8220;#002664&#8243; button_border_color=&#8220;#002664&#8243; button_font=&#8220;|600|||||||&#8220; button_use_icon=&#8220;off&#8220; global_colors_info=&#8220;{}&#8220; button_bg_color__hover_enabled=&#8220;on|desktop&#8220; button_bg_enable_color__hover=&#8220;on&#8220; button_text_color__hover_enabled=&#8220;off|desktop&#8220; button_border_color__hover_enabled=&#8220;on|hover&#8220; button_border_color__hover=&#8220;#002664&#8243; button_bg_color__hover=&#8220;RGBA(255,255,255,0)&#8220;][\/et_pb_button][\/et_pb_column][\/et_pb_row][\/et_pb_section][et_pb_section fb_built=&#8220;1&#8243; disabled_on=&#8220;off|off|off&#8220; _builder_version=&#8220;4.27.3&#8243; _module_preset=&#8220;default&#8220; global_colors_info=&#8220;{}&#8220;][et_pb_row column_structure=&#8220;3_5,2_5&#8243; _builder_version=&#8220;4.24.3&#8243; _module_preset=&#8220;default&#8220; global_colors_info=&#8220;{}&#8220;][et_pb_column type=&#8220;3_5&#8243; _builder_version=&#8220;4.24.3&#8243; _module_preset=&#8220;default&#8220; global_colors_info=&#8220;{}&#8220;][et_pb_text _builder_version=&#8220;4.27.3&#8243; _module_preset=&#8220;default&#8220; header_2_font_size=&#8220;32px&#8220; header_2_font_size_tablet=&#8220;32px&#8220; header_2_font_size_phone=&#8220;28px&#8220; header_2_font_size_last_edited=&#8220;on|phone&#8220; global_colors_info=&#8220;{}&#8220;]<\/p>\n<h2>Weniger Gabelstapler- und Kranbewegungen, mehr Sicherheit<\/h2>\n<div>\n<p style=\"font-weight: 400;\">Einer der gr\u00f6\u00dften Vorteile des PM Compact ist die Reduzierung der Gabelstapler- und Kranbewegungen. Durch die automatische Verwaltung und den Transport von Blechen aus dem Lager werden manuelle Bewegungen minimiert, was zu einem sichereren Arbeitsumfeld beitr\u00e4gt. Weniger Bewegungen f\u00fchren somit zu geringeren Kosten, einem geringeren Risiko f\u00fcr die Mitarbeiter und einer h\u00f6heren Sicherheit am Arbeitsplatz.  <\/p>\n<\/div>\n<p>[\/et_pb_text][\/et_pb_column][et_pb_column type=&#8220;2_5&#8243; _builder_version=&#8220;4.24.3&#8243; _module_preset=&#8220;default&#8220; global_colors_info=&#8220;{}&#8220;][et_pb_image src=&#8220;https:\/\/aalbersfarina.nl\/wp-content\/uploads\/2024\/05\/Lurvink-5.jpg&#8220; alt=&#8220;Referenz Lurvink Staalbouw &#8211; aalbers|farina&#8220; title_text=&#8220;Lurvink-5&#8243; _builder_version=&#8220;4.27.3&#8243; _module_preset=&#8220;default&#8220; border_radii=&#8220;on|20px|20px|20px|20px&#8220; global_colors_info=&#8220;{}&#8220;][\/et_pb_image][\/et_pb_column][\/et_pb_row][\/et_pb_section][et_pb_section fb_built=&#8220;1&#8243; _builder_version=&#8220;4.16&#8243; global_module=&#8220;3494&#8243; global_colors_info=&#8220;{}&#8220;][et_pb_row _builder_version=&#8220;4.27.4&#8243; _module_preset=&#8220;default&#8220; custom_margin=&#8220;0px||||false|false&#8220; custom_padding=&#8220;0px||0px||false|false&#8220; locked=&#8220;off&#8220; global_colors_info=&#8220;{}&#8220;][et_pb_column type=&#8220;4_4&#8243; _builder_version=&#8220;4.25.2&#8243; _module_preset=&#8220;default&#8220; global_colors_info=&#8220;{}&#8220;][et_pb_text _builder_version=&#8220;4.27.4&#8243; _module_preset=&#8220;default&#8220; text_text_color=&#8220;#002664&#8243; header_text_color=&#8220;#002664&#8243; global_colors_info=&#8220;{}&#8220;]<\/p>\n<h2 style=\"text-align: center;\">Warum Sie sich f\u00fcr aalbers|farina entscheiden sollten<\/h2>\n<p>[\/et_pb_text][\/et_pb_column][\/et_pb_row][et_pb_row column_structure=&#8220;1_4,1_4,1_4,1_4&#8243; _builder_version=&#8220;4.27.4&#8243; _module_preset=&#8220;default&#8220; custom_padding=&#8220;||0px||false|false&#8220; locked=&#8220;off&#8220; global_colors_info=&#8220;{}&#8220;][et_pb_column type=&#8220;1_4&#8243; _builder_version=&#8220;4.25.2&#8243; _module_preset=&#8220;default&#8220; global_colors_info=&#8220;{}&#8220;][et_pb_blurb title=&#8220;Attraktive Amortisationszeit&#8220; image=&#8220;https:\/\/aalbersfarina.nl\/wp-content\/uploads\/2024\/12\/zeer_renbabele_terugverdientijd-1.png&#8220; alt=&#8220;Attraktive Amortisationszeit &#8211; aalbers|farina&#8220; image_icon_width=&#8220;50%&#8220; _builder_version=&#8220;4.27.4&#8243; _module_preset=&#8220;default&#8220; header_text_color=&#8220;#002664&#8243; text_orientation=&#8220;center&#8220; global_colors_info=&#8220;{}&#8220;][\/et_pb_blurb][\/et_pb_column][et_pb_column type=&#8220;1_4&#8243; _builder_version=&#8220;4.25.2&#8243; _module_preset=&#8220;default&#8220; global_colors_info=&#8220;{}&#8220;][et_pb_blurb title=&#8220;Optimale Platzersparnis&#8220; image=&#8220;https:\/\/aalbersfarina.nl\/wp-content\/uploads\/2024\/12\/Optimale-ruimtebesparing.png&#8220; alt=&#8220;Optimale Platzersparnis &#8211; aalbers|farina&#8220; image_icon_width=&#8220;50%&#8220; _builder_version=&#8220;4.27.4&#8243; _module_preset=&#8220;default&#8220; header_text_color=&#8220;#002664&#8243; text_orientation=&#8220;center&#8220; global_colors_info=&#8220;{}&#8220;][\/et_pb_blurb][\/et_pb_column][et_pb_column type=&#8220;1_4&#8243; _builder_version=&#8220;4.25.2&#8243; _module_preset=&#8220;default&#8220; global_colors_info=&#8220;{}&#8220;][et_pb_blurb title=&#8220;Ma\u00dfgeschneidert&#8220; image=&#8220;https:\/\/aalbersfarina.nl\/wp-content\/uploads\/2024\/12\/maatwerk.png&#8220; alt=&#8220;Optimale Platzersparnis &#8211; aalbers|farina&#8220; image_icon_width=&#8220;50%&#8220; _builder_version=&#8220;4.27.4&#8243; _module_preset=&#8220;default&#8220; header_text_color=&#8220;#002664&#8243; text_orientation=&#8220;center&#8220; global_colors_info=&#8220;{}&#8220;][\/et_pb_blurb][\/et_pb_column][et_pb_column type=&#8220;1_4&#8243; _builder_version=&#8220;4.25.2&#8243; _module_preset=&#8220;default&#8220; global_colors_info=&#8220;{}&#8220;][et_pb_blurb title=&#8220;Intuitive Bedienung&#8220; image=&#8220;https:\/\/aalbersfarina.nl\/wp-content\/uploads\/2024\/12\/Intuitieve_bediening.png&#8220; image_icon_width=&#8220;50%&#8220; _builder_version=&#8220;4.27.4&#8243; _module_preset=&#8220;default&#8220; header_text_color=&#8220;#002664&#8243; text_orientation=&#8220;center&#8220; global_colors_info=&#8220;{}&#8220;][\/et_pb_blurb][\/et_pb_column][\/et_pb_row][\/et_pb_section][et_pb_section fb_built=&#8220;1&#8243; disabled_on=&#8220;off|off|off&#8220; _builder_version=&#8220;4.27.4&#8243; _module_preset=&#8220;default&#8220; custom_padding=&#8220;||0px||false|false&#8220; global_colors_info=&#8220;{}&#8220;][et_pb_row column_structure=&#8220;3_5,2_5&#8243; _builder_version=&#8220;4.27.4&#8243; _module_preset=&#8220;default&#8220; custom_margin=&#8220;||||false|false&#8220; custom_padding=&#8220;||0px||false|false&#8220; global_colors_info=&#8220;{}&#8220;][et_pb_column type=&#8220;3_5&#8243; _builder_version=&#8220;4.24.3&#8243; _module_preset=&#8220;default&#8220; global_colors_info=&#8220;{}&#8220;][et_pb_text _builder_version=&#8220;4.27.3&#8243; _module_preset=&#8220;default&#8220; header_2_font_size=&#8220;32px&#8220; header_2_font_size_tablet=&#8220;32px&#8220; header_2_font_size_phone=&#8220;28px&#8220; header_2_font_size_last_edited=&#8220;on|phone&#8220; global_colors_info=&#8220;{}&#8220;]<\/p>\n<h2>Maximale Platzersparnis und Effizienz<\/h2>\n<div>\n<p style=\"font-weight: 400;\">Eines der einzigartigen Merkmale des PM Compact ist, dass es <strong>64 % mehr Lagerfl\u00e4che<\/strong> bietet als andere automatische Blechlager auf dem Markt. Das Ergebnis: maximale Effizienz pro Quadratmeter, die es Unternehmen erm\u00f6glicht, mehr Lagerkapazit\u00e4t zu schaffen, ohne daf\u00fcr zus\u00e4tzliche Bodenfl\u00e4che in Anspruch nehmen zu m\u00fcssen. Diese Platzersparnis sowie eine durchschnittliche Amortisationszeit von nur drei Jahren machen das PM Compact zu einer \u00e4u\u00dferst kosteneffizienten Investition. Die Unternehmen k\u00f6nnen schneller von ihren Investitionen profitieren und den Durchsatz der Produktionsprozesse erheblich steigern.   <\/p>\n<\/div>\n<div><\/div>\n<p>[\/et_pb_text][et_pb_text _builder_version=&#8220;4.27.4&#8243; _module_preset=&#8220;default&#8220; header_2_font_size=&#8220;32px&#8220; header_2_font_size_tablet=&#8220;32px&#8220; header_2_font_size_phone=&#8220;28px&#8220; header_2_font_size_last_edited=&#8220;on|phone&#8220; global_colors_info=&#8220;{}&#8220;]<\/p>\n<h2>Benutzerfreundliche Lager- und Verwaltungsm\u00f6glichkeiten<\/h2>\n<div>\n<p style=\"font-weight: 400;\"><strong>Mit dem PM Compact verschwenden Sie keine Zeit mehr mit der Suche nach dem richtigen Material, was zu einer weiteren Verbesserung der Durchsatzes im Produktionsprozess f\u00fchrt.<\/strong><\/p>\n<\/div>\n<p>[\/et_pb_text][\/et_pb_column][et_pb_column type=&#8220;2_5&#8243; _builder_version=&#8220;4.24.3&#8243; _module_preset=&#8220;default&#8220; global_colors_info=&#8220;{}&#8220;][et_pb_image src=&#8220;https:\/\/aalbersfarina.nl\/wp-content\/uploads\/2024\/06\/Akkerman-2.jpg&#8220; alt=&#8220;Referenzen Akkerman &#8211; aalbers|farina&#8220; title_text=&#8220;bediening-monitor-2024-v2&#8243; _builder_version=&#8220;4.27.3&#8243; _module_preset=&#8220;default&#8220; border_radii=&#8220;on|20px|20px|20px|20px&#8220; global_colors_info=&#8220;{}&#8220;][\/et_pb_image][et_pb_button button_url=&#8220;@ET-DC@eyJkeW5hbWljIjp0cnVlLCJjb250ZW50IjoicG9zdF9saW5rX3VybF9wYWdlIiwic2V0dGluZ3MiOnsicG9zdF9pZCI6IjIxNzciLCJlbmFibGVfaHRtbCI6Im9mZiJ9fQ==@&#8220; button_text=&#8220;Angebot anfordern&#8220; button_alignment=&#8220;left&#8220; _builder_version=&#8220;4.27.4&#8243; _dynamic_attributes=&#8220;button_url&#8220; _module_preset=&#8220;default&#8220; custom_button=&#8220;on&#8220; button_font=&#8220;|600|||||||&#8220; custom_margin=&#8220;auto||||false|false&#8220; locked=&#8220;off&#8220; global_colors_info=&#8220;{}&#8220;][\/et_pb_button][\/et_pb_column][\/et_pb_row][et_pb_row _builder_version=&#8220;4.27.4&#8243; _module_preset=&#8220;default&#8220; custom_padding=&#8220;||0px||false|false&#8220; global_colors_info=&#8220;{}&#8220;][et_pb_column type=&#8220;4_4&#8243; _builder_version=&#8220;4.24.3&#8243; _module_preset=&#8220;default&#8220; global_colors_info=&#8220;{}&#8220;][et_pb_text _builder_version=&#8220;4.27.4&#8243; _module_preset=&#8220;default&#8220; header_2_font_size=&#8220;32px&#8220; custom_margin=&#8220;||||false|false&#8220; custom_padding=&#8220;||||false|false&#8220; header_2_font_size_tablet=&#8220;32px&#8220; header_2_font_size_phone=&#8220;28px&#8220; header_2_font_size_last_edited=&#8220;on|phone&#8220; global_colors_info=&#8220;{}&#8220;]Das PM Compact ist mehr als nur eine kompakte L\u00f6sung; es ist ein innovatives, effizientes und kosteng\u00fcnstiges <a href=\"https:\/\/aalbersfarina.nl\/de\/blechlager\/\">Blechlager<\/a>, das Unternehmen bei der Optimierung ihrer Produktions- und Lagerungsprozesse unterst\u00fctzt. Mit seiner beeindruckenden Raumeffizienz bietet das PM Compact alles, was ein Unternehmen braucht, um auch auf engstem Raum maximale Effizienz zu gew\u00e4hrleisten. Ob es nun darum geht, die Anzahl der Gabelstaplerbewegungen zu reduzieren, Restst\u00fccke effizienter zu lagern oder die Effizienz zu steigern &#8211; das PM Compact bietet in jeder Hinsicht die passende L\u00f6sung.  <\/p>\n<p><script type=\"application\/ld+json\">\n{\n  \"@context\": \"https:\/\/schema.org\/\",\n  \"@type\": \"Product\",\n  \"name\": \"Platenmagazijn PM Compact\",\n\"url\": \"https:\/\/aalbersfarina.nl\/platenmagazijnen\/platenmagazijn-pm-compact\/\",\n  \"image\": [\n    \"https:\/\/aalbersfarina.nl\/wp-content\/uploads\/2024\/04\/pm-compact-product-01-1.jpg\"\n  ],\n  \"description\": \"De naam zegt het al: dit is de meest compacte (en voordelige) uitvoering van ons automatisch platenmagazijn. Door de plug-and-play installatie en eenvoudige besturing kunt u snel aan de slag. Met een hoogte van nog geen 4 meter is dit model zeer geschikt voor lagere productieruimtes. Ook leverbaar met andere hoogte, meer lades en voor andere plaatformaten.\",\n  \"sku\": \"PM-COMPACT\",\n  \"brand\": {\n    \"@type\": \"Brand\",\n    \"name\": \"aalbers|farina\"\n  },\n  \"review\": [\n    {\n      \"@type\": \"Review\",\n      \"reviewRating\": {\n        \"@type\": \"Rating\",\n        \"ratingValue\": \"5\",\n        \"bestRating\": \"5\"\n      },\n      \"author\": {\n        \"@type\": \"Person\",\n        \"name\": \"Willem Buth\"\n      },\n      \"reviewBody\": \"Met zo\u2019n platenmagazijn kun je op een klein oppervlak gewoon heel veel materiaal opslaan. Onze toren met 48 cassettes neemt misschien 10 of 12 vierkante meter in\"\n    }\n  ],\n  \"aggregateRating\": {\n    \"@type\": \"AggregateRating\",\n    \"ratingValue\": \"4.8\",\n    \"reviewCount\": \"13\"\n  }\n}\n<\/script>[\/et_pb_text][\/et_pb_column][\/et_pb_row][\/et_pb_section][et_pb_section fb_built=&#8220;1&#8243; _builder_version=&#8220;4.25.1&#8243; _module_preset=&#8220;default&#8220; background_color=&#8220;#E8EAEC&#8220; background_enable_image=&#8220;off&#8220; global_module=&#8220;3298&#8243; locked=&#8220;off&#8220; global_colors_info=&#8220;{}&#8220;][et_pb_row column_structure=&#8220;3_5,2_5&#8243; _builder_version=&#8220;4.25.1&#8243; _module_preset=&#8220;default&#8220; global_colors_info=&#8220;{}&#8220;][et_pb_column type=&#8220;3_5&#8243; _builder_version=&#8220;4.24.3&#8243; _module_preset=&#8220;default&#8220; global_colors_info=&#8220;{}&#8220;][et_pb_image src=&#8220;https:\/\/aalbersfarina.nl\/wp-content\/uploads\/2024\/05\/aalbersfarina-brochure-request.png&#8220; title_text=&#8220;aalbersfarina-brochure-request&#8220; align=&#8220;center&#8220; disabled_on=&#8220;off|off|on&#8220; _builder_version=&#8220;4.25.1&#8243; _module_preset=&#8220;default&#8220; width_last_edited=&#8220;off|desktop&#8220; max_width_tablet=&#8220;400px&#8220; max_width_phone=&#8220;400px&#8220; max_width_last_edited=&#8220;on|phone&#8220; module_alignment_tablet=&#8220;center&#8220; module_alignment_last_edited=&#8220;off|desktop&#8220; global_colors_info=&#8220;{}&#8220;][\/et_pb_image][et_pb_text _builder_version=&#8220;4.25.1&#8243; _module_preset=&#8220;default&#8220; header_2_text_color=&#8220;#002664&#8243; header_2_font_size=&#8220;32px&#8220; header_3_text_color=&#8220;#FF5800&#8243; header_2_text_color_tablet=&#8220;#002664&#8243; header_2_text_color_phone=&#8220;#002664&#8243; header_2_text_color_last_edited=&#8220;on|phone&#8220; text_orientation_last_edited=&#8220;off|desktop&#8220; global_colors_info=&#8220;{}&#8220;]<\/p>\n<h2>Brosch\u00fcre anfordern<\/h2>\n<h3>M\u00f6chten Sie mehr \u00fcber unsere <strong>Blechlager<\/strong> erfahren? Hinterlassen Sie Ihre Daten und wir senden Ihnen unseren Prospekt zu. <\/h3>\n<p>[\/et_pb_text][et_pb_contact_form captcha=&#8220;off&#8220; email=&#8220;info@aalbersfarina.nl&#8220; custom_message=&#8220;Via de website is een brochure aangevraagd met de volgende gegevens:||et_pb_line_break_holder||||et_pb_line_break_holder||Contactpersoon: %%Contactpersoon%%||et_pb_line_break_holder||Bedrijfsnaam: %%Bedrijfsnaam%%||et_pb_line_break_holder||Telefoonnummer: %%Telefoonnummer%%||et_pb_line_break_holder||Email: %%Email%%||et_pb_line_break_holder||||et_pb_line_break_holder||Brochure aangevraagd voor: %%dt-custom-title%%&#8220; use_redirect=&#8220;on&#8220; redirect_url=&#8220;https:\/\/aalbersfarina.nl\/de\/vielen-dank-fur-ihre-anfrage-nach-einer-broschuere\/&#8220; success_message=&#8220;Vielen Dank f\u00fcr Ihre Anfrage nach einer Brosch\u00fcre. Sie werden nun weitergeleitet. &#8220; submit_button_text=&#8220;Brosch\u00fcre anfordern&#8220; _builder_version=&#8220;4.27.4&#8243; _module_preset=&#8220;default&#8220; _unique_id=&#8220;3fd800cd-605c-4a17-8215-ffb121cb0972&#8243; form_field_background_color=&#8220;#FFFFFF&#8220; form_field_text_color=&#8220;#000000&#8243; form_field_focus_background_color=&#8220;#FFFFFF&#8220; form_field_focus_text_color=&#8220;#002664&#8243; form_field_font_size=&#8220;16px&#8220; custom_button=&#8220;on&#8220; button_bg_color=&#8220;#002664&#8243; button_border_color=&#8220;#002664&#8243; button_font=&#8220;|600|||||||&#8220; global_colors_info=&#8220;{}&#8220; button_bg_color__hover_enabled=&#8220;on|hover&#8220; button_bg_color__hover=&#8220;#FF5800&#8243; button_bg_enable_color__hover=&#8220;on&#8220; button_border_color__hover_enabled=&#8220;on|hover&#8220; button_border_color__hover=&#8220;#FF5800&#8243;][et_pb_contact_field field_id=&#8220;Contactpersoon&#8220; field_title=&#8220;Ansprechpartner&#8220; _builder_version=&#8220;4.27.4&#8243; global_colors_info=&#8220;{}&#8220; button_text_size__hover_enabled=&#8220;off&#8220; button_one_text_size__hover_enabled=&#8220;off&#8220; button_two_text_size__hover_enabled=&#8220;off&#8220; button_text_color__hover_enabled=&#8220;off&#8220; button_one_text_color__hover_enabled=&#8220;off&#8220; button_two_text_color__hover_enabled=&#8220;off&#8220; button_border_width__hover_enabled=&#8220;off&#8220; button_one_border_width__hover_enabled=&#8220;off&#8220; button_two_border_width__hover_enabled=&#8220;off&#8220; button_border_color__hover_enabled=&#8220;off&#8220; button_one_border_color__hover_enabled=&#8220;off&#8220; button_two_border_color__hover_enabled=&#8220;off&#8220; button_border_radius__hover_enabled=&#8220;off&#8220; button_one_border_radius__hover_enabled=&#8220;off&#8220; button_two_border_radius__hover_enabled=&#8220;off&#8220; button_letter_spacing__hover_enabled=&#8220;off&#8220; button_one_letter_spacing__hover_enabled=&#8220;off&#8220; button_two_letter_spacing__hover_enabled=&#8220;off&#8220; button_bg_color__hover_enabled=&#8220;off&#8220; button_one_bg_color__hover_enabled=&#8220;off&#8220; button_two_bg_color__hover_enabled=&#8220;off&#8220;][\/et_pb_contact_field][et_pb_contact_field field_id=&#8220;Bedrijfsnaam&#8220; field_title=&#8220;Name der Firma&#8220; _builder_version=&#8220;4.27.4&#8243; global_colors_info=&#8220;{}&#8220; button_text_size__hover_enabled=&#8220;off&#8220; button_one_text_size__hover_enabled=&#8220;off&#8220; button_two_text_size__hover_enabled=&#8220;off&#8220; button_text_color__hover_enabled=&#8220;off&#8220; button_one_text_color__hover_enabled=&#8220;off&#8220; button_two_text_color__hover_enabled=&#8220;off&#8220; button_border_width__hover_enabled=&#8220;off&#8220; button_one_border_width__hover_enabled=&#8220;off&#8220; button_two_border_width__hover_enabled=&#8220;off&#8220; button_border_color__hover_enabled=&#8220;off&#8220; button_one_border_color__hover_enabled=&#8220;off&#8220; button_two_border_color__hover_enabled=&#8220;off&#8220; button_border_radius__hover_enabled=&#8220;off&#8220; button_one_border_radius__hover_enabled=&#8220;off&#8220; button_two_border_radius__hover_enabled=&#8220;off&#8220; button_letter_spacing__hover_enabled=&#8220;off&#8220; button_one_letter_spacing__hover_enabled=&#8220;off&#8220; button_two_letter_spacing__hover_enabled=&#8220;off&#8220; button_bg_color__hover_enabled=&#8220;off&#8220; button_one_bg_color__hover_enabled=&#8220;off&#8220; button_two_bg_color__hover_enabled=&#8220;off&#8220;][\/et_pb_contact_field][et_pb_contact_field field_id=&#8220;Telefoonnummer&#8220; field_title=&#8220;Telefonnummer&#8220; allowed_symbols=&#8220;numbers&#8220; _builder_version=&#8220;4.25.1&#8243; global_colors_info=&#8220;{}&#8220; button_text_size__hover_enabled=&#8220;off&#8220; button_one_text_size__hover_enabled=&#8220;off&#8220; button_two_text_size__hover_enabled=&#8220;off&#8220; button_text_color__hover_enabled=&#8220;off&#8220; button_one_text_color__hover_enabled=&#8220;off&#8220; button_two_text_color__hover_enabled=&#8220;off&#8220; button_border_width__hover_enabled=&#8220;off&#8220; button_one_border_width__hover_enabled=&#8220;off&#8220; button_two_border_width__hover_enabled=&#8220;off&#8220; button_border_color__hover_enabled=&#8220;off&#8220; button_one_border_color__hover_enabled=&#8220;off&#8220; button_two_border_color__hover_enabled=&#8220;off&#8220; button_border_radius__hover_enabled=&#8220;off&#8220; button_one_border_radius__hover_enabled=&#8220;off&#8220; button_two_border_radius__hover_enabled=&#8220;off&#8220; button_letter_spacing__hover_enabled=&#8220;off&#8220; button_one_letter_spacing__hover_enabled=&#8220;off&#8220; button_two_letter_spacing__hover_enabled=&#8220;off&#8220; button_bg_color__hover_enabled=&#8220;off&#8220; button_one_bg_color__hover_enabled=&#8220;off&#8220; button_two_bg_color__hover_enabled=&#8220;off&#8220;][\/et_pb_contact_field][et_pb_contact_field field_id=&#8220;Email&#8220; field_title=&#8220;E-Mail-Adresse&#8220; field_type=&#8220;email&#8220; _builder_version=&#8220;4.25.1&#8243; global_colors_info=&#8220;{}&#8220; button_text_size__hover_enabled=&#8220;off&#8220; button_one_text_size__hover_enabled=&#8220;off&#8220; button_two_text_size__hover_enabled=&#8220;off&#8220; button_text_color__hover_enabled=&#8220;off&#8220; button_one_text_color__hover_enabled=&#8220;off&#8220; button_two_text_color__hover_enabled=&#8220;off&#8220; button_border_width__hover_enabled=&#8220;off&#8220; button_one_border_width__hover_enabled=&#8220;off&#8220; button_two_border_width__hover_enabled=&#8220;off&#8220; button_border_color__hover_enabled=&#8220;off&#8220; button_one_border_color__hover_enabled=&#8220;off&#8220; button_two_border_color__hover_enabled=&#8220;off&#8220; button_border_radius__hover_enabled=&#8220;off&#8220; button_one_border_radius__hover_enabled=&#8220;off&#8220; button_two_border_radius__hover_enabled=&#8220;off&#8220; button_letter_spacing__hover_enabled=&#8220;off&#8220; button_one_letter_spacing__hover_enabled=&#8220;off&#8220; button_two_letter_spacing__hover_enabled=&#8220;off&#8220; button_bg_color__hover_enabled=&#8220;off&#8220; button_one_bg_color__hover_enabled=&#8220;off&#8220; button_two_bg_color__hover_enabled=&#8220;off&#8220;][\/et_pb_contact_field][et_pb_contact_field field_id=&#8220;dt-custom-title&#8220; field_title=&#8220;Post Title&#8220; required_mark=&#8220;off&#8220; fullwidth_field=&#8220;on&#8220; _builder_version=&#8220;4.27.4&#8243; _module_preset=&#8220;default&#8220; custom_css_free_form=&#8220;selector {||  display: none;||}&#8220; global_colors_info=&#8220;{}&#8220;][\/et_pb_contact_field][\/et_pb_contact_form][\/et_pb_column][et_pb_column type=&#8220;2_5&#8243; _builder_version=&#8220;4.24.3&#8243; _module_preset=&#8220;default&#8220; global_colors_info=&#8220;{}&#8220;][et_pb_image src=&#8220;https:\/\/aalbersfarina.nl\/wp-content\/uploads\/2024\/05\/aalbersfarina-brochure-request.png&#8220; title_text=&#8220;aalbersfarina-brochure-request&#8220; align=&#8220;right&#8220; disabled_on=&#8220;on|on|off&#8220; _builder_version=&#8220;4.25.1&#8243; _module_preset=&#8220;default&#8220; width=&#8220;380px&#8220; width_last_edited=&#8220;off|desktop&#8220; module_alignment_tablet=&#8220;center&#8220; module_alignment_last_edited=&#8220;off|desktop&#8220; global_colors_info=&#8220;{}&#8220;][\/et_pb_image][\/et_pb_column][\/et_pb_row][\/et_pb_section]<\/p>\n","protected":false},"excerpt":{"rendered":"<p><span><span><a href=\"https:\/\/aalbersfarina.nl\/de\/home\/\">Home<\/a><\/span><\/span>blechlager PM CompactPM Compact ideal f\u00fcr kleinere R\u00e4ume Wie der Name schon vermuten l\u00e4sst, handelt es sich hierbei um die kompakteste (und kosteng\u00fcnstigste) Version unseres automatischen Blechlagers. Dank der Plug-and-Play-Installation und der einfachen Steuerung k\u00f6nnen Sie schnell loslegen. Mit einer H\u00f6he von weniger als 4 Metern ist dieses Modell besonders f\u00fcr den Einsatz in niedrigeren [&hellip;]<\/p>\n","protected":false},"author":1,"featured_media":0,"parent":4121,"menu_order":0,"comment_status":"closed","ping_status":"closed","template":"","meta":{"_et_pb_use_builder":"on","_et_pb_old_content":"","_et_gb_content_width":"","footnotes":""},"class_list":["post-4147","page","type-page","status-publish","hentry"],"yoast_head":"<!-- This site is optimized with the Yoast SEO plugin v27.5 - https:\/\/yoast.com\/product\/yoast-seo-wordpress\/ -->\n<title>Blechlager PM Compact - aalbers|farina<\/title>\n<meta name=\"description\" content=\"Der Name ist Programm: Dies ist die kompakteste (und wirtschaftlichste) Version unseres automatischen Plattenlagers. Fordern Sie jetzt ein Angebot an!\" \/>\n<meta name=\"robots\" content=\"index, follow, max-snippet:-1, max-image-preview:large, max-video-preview:-1\" \/>\n<link rel=\"canonical\" href=\"https:\/\/aalbersfarina.nl\/de\/blechlager\/blechlager-pm-compact\/\" \/>\n<meta property=\"og:locale\" content=\"de_DE\" \/>\n<meta property=\"og:type\" content=\"article\" \/>\n<meta property=\"og:title\" content=\"Blechlager PM Compact - aalbers|farina\" \/>\n<meta property=\"og:description\" content=\"Der Name ist Programm: Dies ist die kompakteste (und wirtschaftlichste) Version unseres automatischen Plattenlagers. Fordern Sie jetzt ein Angebot an!\" \/>\n<meta property=\"og:url\" content=\"https:\/\/aalbersfarina.nl\/de\/blechlager\/blechlager-pm-compact\/\" \/>\n<meta property=\"og:site_name\" content=\"aalbers|farina\" \/>\n<meta property=\"article:modified_time\" content=\"2025-07-09T11:56:57+00:00\" \/>\n<meta name=\"twitter:card\" content=\"summary_large_image\" \/>\n<meta name=\"twitter:label1\" content=\"Gesch\u00e4tzte Lesezeit\" \/>\n\t<meta name=\"twitter:data1\" content=\"8\u00a0Minuten\" \/>\n<script type=\"application\/ld+json\" class=\"yoast-schema-graph\">{\"@context\":\"https:\\\/\\\/schema.org\",\"@graph\":[{\"@type\":\"WebPage\",\"@id\":\"https:\\\/\\\/aalbersfarina.nl\\\/de\\\/blechlager\\\/blechlager-pm-compact\\\/\",\"url\":\"https:\\\/\\\/aalbersfarina.nl\\\/de\\\/blechlager\\\/blechlager-pm-compact\\\/\",\"name\":\"Blechlager PM Compact - aalbers|farina\",\"isPartOf\":{\"@id\":\"https:\\\/\\\/aalbersfarina.nl\\\/de\\\/#website\"},\"datePublished\":\"2024-04-22T10:01:24+00:00\",\"dateModified\":\"2025-07-09T11:56:57+00:00\",\"description\":\"Der Name ist Programm: Dies ist die kompakteste (und wirtschaftlichste) Version unseres automatischen Plattenlagers. Fordern Sie jetzt ein Angebot an!\",\"breadcrumb\":{\"@id\":\"https:\\\/\\\/aalbersfarina.nl\\\/de\\\/blechlager\\\/blechlager-pm-compact\\\/#breadcrumb\"},\"inLanguage\":\"de\",\"potentialAction\":[{\"@type\":\"ReadAction\",\"target\":[\"https:\\\/\\\/aalbersfarina.nl\\\/de\\\/blechlager\\\/blechlager-pm-compact\\\/\"]}]},{\"@type\":\"BreadcrumbList\",\"@id\":\"https:\\\/\\\/aalbersfarina.nl\\\/de\\\/blechlager\\\/blechlager-pm-compact\\\/#breadcrumb\",\"itemListElement\":[{\"@type\":\"ListItem\",\"position\":1,\"name\":\"Home\",\"item\":\"https:\\\/\\\/aalbersfarina.nl\\\/de\\\/home\\\/\"},{\"@type\":\"ListItem\",\"position\":2,\"name\":\"Blechlager\",\"item\":\"https:\\\/\\\/aalbersfarina.nl\\\/de\\\/blechlager\\\/\"},{\"@type\":\"ListItem\",\"position\":3,\"name\":\"Blechlager PM Compact\"}]},{\"@type\":\"WebSite\",\"@id\":\"https:\\\/\\\/aalbersfarina.nl\\\/de\\\/#website\",\"url\":\"https:\\\/\\\/aalbersfarina.nl\\\/de\\\/\",\"name\":\"aalbers|farina\",\"description\":\"slimme opslagsystemen voor plaatwerk en langgoed\",\"publisher\":{\"@id\":\"https:\\\/\\\/aalbersfarina.nl\\\/de\\\/#organization\"},\"potentialAction\":[{\"@type\":\"SearchAction\",\"target\":{\"@type\":\"EntryPoint\",\"urlTemplate\":\"https:\\\/\\\/aalbersfarina.nl\\\/de\\\/?s={search_term_string}\"},\"query-input\":{\"@type\":\"PropertyValueSpecification\",\"valueRequired\":true,\"valueName\":\"search_term_string\"}}],\"inLanguage\":\"de\"},{\"@type\":\"Organization\",\"@id\":\"https:\\\/\\\/aalbersfarina.nl\\\/de\\\/#organization\",\"name\":\"aalbers|farina\",\"url\":\"https:\\\/\\\/aalbersfarina.nl\\\/de\\\/\",\"logo\":{\"@type\":\"ImageObject\",\"inLanguage\":\"de\",\"@id\":\"https:\\\/\\\/aalbersfarina.nl\\\/de\\\/#\\\/schema\\\/logo\\\/image\\\/\",\"url\":\"https:\\\/\\\/aalbersfarina.nl\\\/wp-content\\\/uploads\\\/2024\\\/04\\\/logo_aalbersfarina.png\",\"contentUrl\":\"https:\\\/\\\/aalbersfarina.nl\\\/wp-content\\\/uploads\\\/2024\\\/04\\\/logo_aalbersfarina.png\",\"width\":407,\"height\":90,\"caption\":\"aalbers|farina\"},\"image\":{\"@id\":\"https:\\\/\\\/aalbersfarina.nl\\\/de\\\/#\\\/schema\\\/logo\\\/image\\\/\"},\"sameAs\":[\"https:\\\/\\\/www.linkedin.com\\\/company\\\/aalbers-farina\",\"https:\\\/\\\/www.youtube.com\\\/@aalbersfarina6628\"]}]}<\/script>\n<!-- \/ Yoast SEO plugin. -->","yoast_head_json":{"title":"Blechlager PM Compact - aalbers|farina","description":"Der Name ist Programm: Dies ist die kompakteste (und wirtschaftlichste) Version unseres automatischen Plattenlagers. Fordern Sie jetzt ein Angebot an!","robots":{"index":"index","follow":"follow","max-snippet":"max-snippet:-1","max-image-preview":"max-image-preview:large","max-video-preview":"max-video-preview:-1"},"canonical":"https:\/\/aalbersfarina.nl\/de\/blechlager\/blechlager-pm-compact\/","og_locale":"de_DE","og_type":"article","og_title":"Blechlager PM Compact - aalbers|farina","og_description":"Der Name ist Programm: Dies ist die kompakteste (und wirtschaftlichste) Version unseres automatischen Plattenlagers. Fordern Sie jetzt ein Angebot an!","og_url":"https:\/\/aalbersfarina.nl\/de\/blechlager\/blechlager-pm-compact\/","og_site_name":"aalbers|farina","article_modified_time":"2025-07-09T11:56:57+00:00","twitter_card":"summary_large_image","twitter_misc":{"Gesch\u00e4tzte Lesezeit":"8\u00a0Minuten"},"schema":{"@context":"https:\/\/schema.org","@graph":[{"@type":"WebPage","@id":"https:\/\/aalbersfarina.nl\/de\/blechlager\/blechlager-pm-compact\/","url":"https:\/\/aalbersfarina.nl\/de\/blechlager\/blechlager-pm-compact\/","name":"Blechlager PM Compact - aalbers|farina","isPartOf":{"@id":"https:\/\/aalbersfarina.nl\/de\/#website"},"datePublished":"2024-04-22T10:01:24+00:00","dateModified":"2025-07-09T11:56:57+00:00","description":"Der Name ist Programm: Dies ist die kompakteste (und wirtschaftlichste) Version unseres automatischen Plattenlagers. Fordern Sie jetzt ein Angebot an!","breadcrumb":{"@id":"https:\/\/aalbersfarina.nl\/de\/blechlager\/blechlager-pm-compact\/#breadcrumb"},"inLanguage":"de","potentialAction":[{"@type":"ReadAction","target":["https:\/\/aalbersfarina.nl\/de\/blechlager\/blechlager-pm-compact\/"]}]},{"@type":"BreadcrumbList","@id":"https:\/\/aalbersfarina.nl\/de\/blechlager\/blechlager-pm-compact\/#breadcrumb","itemListElement":[{"@type":"ListItem","position":1,"name":"Home","item":"https:\/\/aalbersfarina.nl\/de\/home\/"},{"@type":"ListItem","position":2,"name":"Blechlager","item":"https:\/\/aalbersfarina.nl\/de\/blechlager\/"},{"@type":"ListItem","position":3,"name":"Blechlager PM Compact"}]},{"@type":"WebSite","@id":"https:\/\/aalbersfarina.nl\/de\/#website","url":"https:\/\/aalbersfarina.nl\/de\/","name":"aalbers|farina","description":"slimme opslagsystemen voor plaatwerk en langgoed","publisher":{"@id":"https:\/\/aalbersfarina.nl\/de\/#organization"},"potentialAction":[{"@type":"SearchAction","target":{"@type":"EntryPoint","urlTemplate":"https:\/\/aalbersfarina.nl\/de\/?s={search_term_string}"},"query-input":{"@type":"PropertyValueSpecification","valueRequired":true,"valueName":"search_term_string"}}],"inLanguage":"de"},{"@type":"Organization","@id":"https:\/\/aalbersfarina.nl\/de\/#organization","name":"aalbers|farina","url":"https:\/\/aalbersfarina.nl\/de\/","logo":{"@type":"ImageObject","inLanguage":"de","@id":"https:\/\/aalbersfarina.nl\/de\/#\/schema\/logo\/image\/","url":"https:\/\/aalbersfarina.nl\/wp-content\/uploads\/2024\/04\/logo_aalbersfarina.png","contentUrl":"https:\/\/aalbersfarina.nl\/wp-content\/uploads\/2024\/04\/logo_aalbersfarina.png","width":407,"height":90,"caption":"aalbers|farina"},"image":{"@id":"https:\/\/aalbersfarina.nl\/de\/#\/schema\/logo\/image\/"},"sameAs":["https:\/\/www.linkedin.com\/company\/aalbers-farina","https:\/\/www.youtube.com\/@aalbersfarina6628"]}]}},"_links":{"self":[{"href":"https:\/\/aalbersfarina.nl\/de\/wp-json\/wp\/v2\/pages\/4147","targetHints":{"allow":["GET"]}}],"collection":[{"href":"https:\/\/aalbersfarina.nl\/de\/wp-json\/wp\/v2\/pages"}],"about":[{"href":"https:\/\/aalbersfarina.nl\/de\/wp-json\/wp\/v2\/types\/page"}],"author":[{"embeddable":true,"href":"https:\/\/aalbersfarina.nl\/de\/wp-json\/wp\/v2\/users\/1"}],"replies":[{"embeddable":true,"href":"https:\/\/aalbersfarina.nl\/de\/wp-json\/wp\/v2\/comments?post=4147"}],"version-history":[{"count":13,"href":"https:\/\/aalbersfarina.nl\/de\/wp-json\/wp\/v2\/pages\/4147\/revisions"}],"predecessor-version":[{"id":7034,"href":"https:\/\/aalbersfarina.nl\/de\/wp-json\/wp\/v2\/pages\/4147\/revisions\/7034"}],"up":[{"embeddable":true,"href":"https:\/\/aalbersfarina.nl\/de\/wp-json\/wp\/v2\/pages\/4121"}],"wp:attachment":[{"href":"https:\/\/aalbersfarina.nl\/de\/wp-json\/wp\/v2\/media?parent=4147"}],"curies":[{"name":"wp","href":"https:\/\/api.w.org\/{rel}","templated":true}]}}